{"id":6126,"date":"2022-01-09T15:48:47","date_gmt":"2022-01-09T15:48:47","guid":{"rendered":"https:\/\/www.folk-travel.com\/?page_id=6126"},"modified":"2022-12-20T12:33:46","modified_gmt":"2022-12-20T12:33:46","slug":"aquitaine","status":"publish","type":"page","link":"https:\/\/www.folk-travel.com\/en\/aquitaine","title":{"rendered":"Nouvelle-Aquitaine"},"content":{"rendered":"<div data-elementor-type=\"wp-page\" data-elementor-id=\"6126\" class=\"elementor elementor-6126\" data-elementor-settings=\"[]\">\n\t\t\t\t\t\t<div class=\"elementor-inner\">\n\t\t\t\t\t\t\t<div class=\"elementor-section-wrap\">\n\t\t\t\t\t\t\t<section class=\"elementor-section elementor-top-section elementor-element elementor-element-a07f1ce elementor-section-stretched elementor-section-height-min-height elementor-section-boxed elementor-section-height-default elementor-section-items-middle\" data-id=\"a07f1ce\" data-element_type=\"section\" data-settings=\"{&quot;stretch_section&quot;:&quot;section-stretched&quot;,&quot;background_background&quot;:&quot;classic&quot;,&quot;background_motion_fx_opacity_effect&quot;:&quot;yes&quot;,&quot;background_motion_fx_opacity_direction&quot;:&quot;in-out&quot;,&quot;background_motion_fx_opacity_level&quot;:{&quot;unit&quot;:&quot;px&quot;,&quot;size&quot;:7.2,&quot;sizes&quot;:[]},&quot;background_motion_fx_opacity_range&quot;:{&quot;unit&quot;:&quot;%&quot;,&quot;size&quot;:&quot;&quot;,&quot;sizes&quot;:{&quot;start&quot;:54,&quot;end&quot;:80}},&quot;background_motion_fx_blur_effect&quot;:&quot;yes&quot;,&quot;background_motion_fx_blur_direction&quot;:&quot;in-out&quot;,&quot;background_motion_fx_blur_level&quot;:{&quot;unit&quot;:&quot;px&quot;,&quot;size&quot;:9,&quot;sizes&quot;:[]},&quot;background_motion_fx_blur_range&quot;:{&quot;unit&quot;:&quot;%&quot;,&quot;size&quot;:&quot;&quot;,&quot;sizes&quot;:{&quot;start&quot;:56,&quot;end&quot;:80}},&quot;background_motion_fx_motion_fx_scrolling&quot;:&quot;yes&quot;,&quot;background_motion_fx_scale_effect&quot;:&quot;yes&quot;,&quot;background_motion_fx_scale_speed&quot;:{&quot;unit&quot;:&quot;px&quot;,&quot;size&quot;:2,&quot;sizes&quot;:[]},&quot;background_motion_fx_scale_range&quot;:{&quot;unit&quot;:&quot;%&quot;,&quot;size&quot;:&quot;&quot;,&quot;sizes&quot;:{&quot;start&quot;:45,&quot;end&quot;:75}},&quot;background_motion_fx_scale_direction&quot;:&quot;out-in&quot;,&quot;background_motion_fx_devices&quot;:[&quot;desktop&quot;,&quot;tablet&quot;,&quot;mobile&quot;]}\">\n\t\t\t\t\t\t<div class=\"elementor-container elementor-column-gap-extended\">\n\t\t\t\t\t\t\t<div class=\"elementor-row\">\n\t\t\t\t\t<div class=\"elementor-column elementor-col-100 elementor-top-column elementor-element elementor-element-76a7f46 sc_layouts_column_icons_position_left\" data-id=\"76a7f46\" data-element_type=\"column\">\n\t\t\t<div class=\"elementor-column-wrap elementor-element-populated\">\n\t\t\t\t\t\t\t<div class=\"elementor-widget-wrap\">\n\t\t\t\t\t\t<div class=\"elementor-element elementor-element-09f6a7a elementor-widget elementor-widget-heading\" data-id=\"09f6a7a\" data-element_type=\"widget\" data-settings=\"{&quot;_animation&quot;:&quot;none&quot;}\" data-widget_type=\"heading.default\">\n\t\t\t\t<div class=\"elementor-widget-container\">\n\t\t\t<h1 class=\"elementor-heading-title elementor-size-default\">Travel Guide to\n Nouvelle Aquitaine<\/h1>\t\t<\/div>\n\t\t\t\t<\/div>\n\t\t\t\t\t\t<\/div>\n\t\t\t\t\t<\/div>\n\t\t<\/div>\n\t\t\t\t\t\t\t\t<\/div>\n\t\t\t\t\t<\/div>\n\t\t<\/section>\n\t\t\t\t<section class=\"elementor-section elementor-top-section elementor-element elementor-element-7e027a9 elementor-section-boxed elementor-section-height-default elementor-section-height-default\" data-id=\"7e027a9\" data-element_type=\"section\">\n\t\t\t\t\t\t<div class=\"elementor-container elementor-column-gap-extended\">\n\t\t\t\t\t\t\t<div class=\"elementor-row\">\n\t\t\t\t\t<div class=\"elementor-column elementor-col-100 elementor-top-column elementor-element elementor-element-89e0390 sc_layouts_column_icons_position_left\" data-id=\"89e0390\" data-element_type=\"column\">\n\t\t\t<div class=\"elementor-column-wrap elementor-element-populated\">\n\t\t\t\t\t\t\t<div class=\"elementor-widget-wrap\">\n\t\t\t\t\t\t<div class=\"elementor-element elementor-element-b3bf808 elementor-widget elementor-widget-text-editor\" data-id=\"b3bf808\" data-element_type=\"widget\" data-widget_type=\"text-editor.default\">\n\t\t\t\t<div class=\"elementor-widget-container\">\n\t\t\t\t\t\t\t\t<div class=\"elementor-text-editor elementor-clearfix\">\n\t\t\t\t<p>Nouvelle Aquitaine is a diversity of landscapes of natural size! The largest region in France, Nouvelle Aquitaine allows you to ski in the Atlantic Pyrenees, to surf in Biarritz or to recharge your batteries in the Dordogne. From fine sandy landscapes to the top of the Dune du Pilat, to the Dordogne and the Basque country, Folk-Travel reveals the treasures not to be missed:<\/p>\t\t\t\t\t<\/div>\n\t\t\t\t\t\t<\/div>\n\t\t\t\t<\/div>\n\t\t\t\t\t\t<\/div>\n\t\t\t\t\t<\/div>\n\t\t<\/div>\n\t\t\t\t\t\t\t\t<\/div>\n\t\t\t\t\t<\/div>\n\t\t<\/section>\n\t\t\t\t<section class=\"elementor-section elementor-top-section elementor-element elementor-element-afbdcd4 elementor-section-boxed elementor-section-height-default elementor-section-height-default\" data-id=\"afbdcd4\" data-element_type=\"section\">\n\t\t\t\t\t\t<div class=\"elementor-container elementor-column-gap-extended\">\n\t\t\t\t\t\t\t<div class=\"elementor-row\">\n\t\t\t\t\t<div class=\"elementor-column elementor-col-100 elementor-top-column elementor-element elementor-element-c00d47b sc_layouts_column_icons_position_left\" data-id=\"c00d47b\" data-element_type=\"column\">\n\t\t\t<div class=\"elementor-column-wrap elementor-element-populated\">\n\t\t\t\t\t\t\t<div class=\"elementor-widget-wrap\">\n\t\t\t\t\t\t<div class=\"elementor-element elementor-element-104cc4f elementor-widget elementor-widget-heading\" data-id=\"104cc4f\" data-element_type=\"widget\" data-widget_type=\"heading.default\">\n\t\t\t\t<div class=\"elementor-widget-container\">\n\t\t\t<h2 class=\"elementor-heading-title elementor-size-default\">Our articles in Aquitaine<\/h2>\t\t<\/div>\n\t\t\t\t<\/div>\n\t\t\t\t\t\t<\/div>\n\t\t\t\t\t<\/div>\n\t\t<\/div>\n\t\t\t\t\t\t\t\t<\/div>\n\t\t\t\t\t<\/div>\n\t\t<\/section>\n\t\t\t\t<section class=\"elementor-section elementor-top-section elementor-element elementor-element-c6c1271 elementor-section-boxed elementor-section-height-default elementor-section-height-default\" data-id=\"c6c1271\" data-element_type=\"section\">\n\t\t\t\t\t\t<div class=\"elementor-container elementor-column-gap-extended\">\n\t\t\t\t\t\t\t<div class=\"elementor-row\">\n\t\t\t\t\t<div class=\"elementor-column elementor-col-33 elementor-top-column elementor-element elementor-element-78812fe sc_layouts_column_icons_position_left\" data-id=\"78812fe\" data-element_type=\"column\" data-settings=\"{&quot;background_background&quot;:&quot;classic&quot;}\">\n\t\t\t<div class=\"elementor-column-wrap elementor-element-populated\">\n\t\t\t\t\t\t\t<div class=\"elementor-widget-wrap\">\n\t\t\t\t\t\t<div class=\"elementor-element elementor-element-cb0902b elementor-widget elementor-widget-text-editor\" data-id=\"cb0902b\" data-element_type=\"widget\" data-widget_type=\"text-editor.default\">\n\t\t\t\t<div class=\"elementor-widget-container\">\n\t\t\t\t\t\t\t\t<div class=\"elementor-text-editor elementor-clearfix\">\n\t\t\t\t<p><strong>Discovery of the Village of Collonges-la-Rouge<\/strong><\/p><p>A visit to this village in Corr\u00e8ze is a must, we detail the<a href=\"https:\/\/www.folk-travel.com\/en\/collonges-la-rouge\/\">\u00a0Top 10 des choses \u00e0 voir \u00e0 Collonges ici<\/a><\/p>\t\t\t\t\t<\/div>\n\t\t\t\t\t\t<\/div>\n\t\t\t\t<\/div>\n\t\t\t\t<div class=\"elementor-element elementor-element-2886e97 elementor-widget elementor-widget-image\" data-id=\"2886e97\" data-element_type=\"widget\" data-widget_type=\"image.default\">\n\t\t\t\t<div class=\"elementor-widget-container\">\n\t\t\t\t\t\t\t\t<div class=\"elementor-image\">\n\t\t\t\t\t\t\t\t\t\t\t\t<img width=\"768\" height=\"1024\" src=\"https:\/\/www.folk-travel.com\/wp-content\/uploads\/2021\/10\/rue-Collonges-la-Rouge-768x1024.jpg\" class=\"attachment-medium_large size-medium_large\" alt=\"Street of Collonges la rouge\" loading=\"lazy\" srcset=\"https:\/\/www.folk-travel.com\/wp-content\/uploads\/2021\/10\/rue-Collonges-la-Rouge-768x1024.jpg 768w, https:\/\/www.folk-travel.com\/wp-content\/uploads\/2021\/10\/rue-Collonges-la-Rouge-225x300.jpg 225w, https:\/\/www.folk-travel.com\/wp-content\/uploads\/2021\/10\/rue-Collonges-la-Rouge-1152x1536.jpg 1152w, https:\/\/www.folk-travel.com\/wp-content\/uploads\/2021\/10\/rue-Collonges-la-Rouge-scaled.jpg 1536w, https:\/\/www.folk-travel.com\/wp-content\/uploads\/2021\/10\/rue-Collonges-la-Rouge-9x12.jpg 9w, https:\/\/www.folk-travel.com\/wp-content\/uploads\/2021\/10\/rue-Collonges-la-Rouge-370x493.jpg 370w, https:\/\/www.folk-travel.com\/wp-content\/uploads\/2021\/10\/rue-Collonges-la-Rouge-760x1013.jpg 760w\" sizes=\"(max-width: 768px) 100vw, 768px\" \/>\t\t\t\t\t\t\t\t\t\t\t\t\t\t<\/div>\n\t\t\t\t\t\t<\/div>\n\t\t\t\t<\/div>\n\t\t\t\t\t\t<\/div>\n\t\t\t\t\t<\/div>\n\t\t<\/div>\n\t\t\t\t<div class=\"elementor-column elementor-col-33 elementor-top-column elementor-element elementor-element-4f452c3 sc_layouts_column_icons_position_left\" data-id=\"4f452c3\" data-element_type=\"column\" data-settings=\"{&quot;background_background&quot;:&quot;classic&quot;}\">\n\t\t\t<div class=\"elementor-column-wrap elementor-element-populated\">\n\t\t\t\t\t\t\t<div class=\"elementor-widget-wrap\">\n\t\t\t\t\t\t<div class=\"elementor-element elementor-element-8885501 elementor-widget elementor-widget-text-editor\" data-id=\"8885501\" data-element_type=\"widget\" data-widget_type=\"text-editor.default\">\n\t\t\t\t<div class=\"elementor-widget-container\">\n\t\t\t\t\t\t\t\t<div class=\"elementor-text-editor elementor-clearfix\">\n\t\t\t\t<p><strong>Le village de Martel et son Train \u00e0 Vapeur<\/strong><\/p><p>On vous raconte tout sur le <span style=\"text-decoration: underline;\"><a href=\"https:\/\/www.folk-travel.com\/en\/train-steam-martel\/\">train \u00e0 vapeur de Martel et les meilleurs choses \u00e0 voir et \u00e0 faire \u00e0 Martel ce village du Lot<\/a><\/span><\/p>\t\t\t\t\t<\/div>\n\t\t\t\t\t\t<\/div>\n\t\t\t\t<\/div>\n\t\t\t\t<div class=\"elementor-element elementor-element-ffc62cf elementor-widget elementor-widget-image\" data-id=\"ffc62cf\" data-element_type=\"widget\" data-widget_type=\"image.default\">\n\t\t\t\t<div class=\"elementor-widget-container\">\n\t\t\t\t\t\t\t\t<div class=\"elementor-image\">\n\t\t\t\t\t\t\t\t\t\t\t\t<img width=\"768\" height=\"1024\" src=\"https:\/\/www.folk-travel.com\/wp-content\/uploads\/2021\/09\/Locomotive-train-vapeur-Martel-768x1024.jpg\" class=\"attachment-medium_large size-medium_large\" alt=\"Locomotive \u00e0 vapeur de Martel\" loading=\"lazy\" srcset=\"https:\/\/www.folk-travel.com\/wp-content\/uploads\/2021\/09\/Locomotive-train-vapeur-Martel-768x1024.jpg 768w, https:\/\/www.folk-travel.com\/wp-content\/uploads\/2021\/09\/Locomotive-train-vapeur-Martel-225x300.jpg 225w, https:\/\/www.folk-travel.com\/wp-content\/uploads\/2021\/09\/Locomotive-train-vapeur-Martel-1152x1536.jpg 1152w, https:\/\/www.folk-travel.com\/wp-content\/uploads\/2021\/09\/Locomotive-train-vapeur-Martel-scaled.jpg 1536w, https:\/\/www.folk-travel.com\/wp-content\/uploads\/2021\/09\/Locomotive-train-vapeur-Martel-9x12.jpg 9w, https:\/\/www.folk-travel.com\/wp-content\/uploads\/2021\/09\/Locomotive-train-vapeur-Martel-370x493.jpg 370w, https:\/\/www.folk-travel.com\/wp-content\/uploads\/2021\/09\/Locomotive-train-vapeur-Martel-760x1013.jpg 760w\" sizes=\"(max-width: 768px) 100vw, 768px\" \/>\t\t\t\t\t\t\t\t\t\t\t\t\t\t<\/div>\n\t\t\t\t\t\t<\/div>\n\t\t\t\t<\/div>\n\t\t\t\t\t\t<\/div>\n\t\t\t\t\t<\/div>\n\t\t<\/div>\n\t\t\t\t<div class=\"elementor-column elementor-col-33 elementor-top-column elementor-element elementor-element-362ab33 sc_layouts_column_icons_position_left\" data-id=\"362ab33\" data-element_type=\"column\" data-settings=\"{&quot;background_background&quot;:&quot;classic&quot;}\">\n\t\t\t<div class=\"elementor-column-wrap elementor-element-populated\">\n\t\t\t\t\t\t\t<div class=\"elementor-widget-wrap\">\n\t\t\t\t\t\t<div class=\"elementor-element elementor-element-eeaa726 elementor-widget elementor-widget-text-editor\" data-id=\"eeaa726\" data-element_type=\"widget\" data-widget_type=\"text-editor.default\">\n\t\t\t\t<div class=\"elementor-widget-container\">\n\t\t\t\t\t\t\t\t<div class=\"elementor-text-editor elementor-clearfix\">\n\t\t\t\t<p><strong>Le village de la Roque Gageac<\/strong><\/p><p><br \/>D\u00e9couvrez ce magnifique village de la vall\u00e9e de la Dordogne <span style=\"text-decoration: underline;\"><a href=\"https:\/\/www.folk-travel.com\/en\/roque-gageac-village\/\">P\u00e9rigord Noir : village la Roque Gageac<\/a><\/span><\/p>\t\t\t\t\t<\/div>\n\t\t\t\t\t\t<\/div>\n\t\t\t\t<\/div>\n\t\t\t\t<div class=\"elementor-element elementor-element-267b31f elementor-widget elementor-widget-image\" data-id=\"267b31f\" data-element_type=\"widget\" data-widget_type=\"image.default\">\n\t\t\t\t<div class=\"elementor-widget-container\">\n\t\t\t\t\t\t\t\t<div class=\"elementor-image\">\n\t\t\t\t\t\t\t\t\t\t\t\t<img width=\"768\" height=\"1024\" src=\"https:\/\/www.folk-travel.com\/wp-content\/uploads\/2022\/07\/manoir-tour-roque-gageac-768x1024.jpg\" class=\"attachment-medium_large size-medium_large\" alt=\"maison avec une tour et lierre \u00e0 la Roque Gageac\" loading=\"lazy\" srcset=\"https:\/\/www.folk-travel.com\/wp-content\/uploads\/2022\/07\/manoir-tour-roque-gageac-768x1024.jpg 768w, https:\/\/www.folk-travel.com\/wp-content\/uploads\/2022\/07\/manoir-tour-roque-gageac-225x300.jpg 225w, https:\/\/www.folk-travel.com\/wp-content\/uploads\/2022\/07\/manoir-tour-roque-gageac-1152x1536.jpg 1152w, https:\/\/www.folk-travel.com\/wp-content\/uploads\/2022\/07\/manoir-tour-roque-gageac-scaled.jpg 1536w, https:\/\/www.folk-travel.com\/wp-content\/uploads\/2022\/07\/manoir-tour-roque-gageac-9x12.jpg 9w, https:\/\/www.folk-travel.com\/wp-content\/uploads\/2022\/07\/manoir-tour-roque-gageac-370x493.jpg 370w, https:\/\/www.folk-travel.com\/wp-content\/uploads\/2022\/07\/manoir-tour-roque-gageac-760x1013.jpg 760w\" sizes=\"(max-width: 768px) 100vw, 768px\" \/>\t\t\t\t\t\t\t\t\t\t\t\t\t\t<\/div>\n\t\t\t\t\t\t<\/div>\n\t\t\t\t<\/div>\n\t\t\t\t\t\t<\/div>\n\t\t\t\t\t<\/div>\n\t\t<\/div>\n\t\t\t\t\t\t\t\t<\/div>\n\t\t\t\t\t<\/div>\n\t\t<\/section>\n\t\t\t\t\t\t<\/div>\n\t\t\t\t\t\t<\/div>\n\t\t\t\t\t<\/div>","protected":false},"excerpt":{"rendered":"<p>Guide de Voyage en Nouvelle Aquitaine La Nouvelle Aquitaine c&#8217;est une diversit\u00e9 de paysages grandeur Nature ! Plus grande r\u00e9gion de France, la Nouvelle Aquitaine&hellip;<\/p>","protected":false},"author":1,"featured_media":0,"parent":0,"menu_order":0,"comment_status":"closed","ping_status":"closed","template":"","meta":[],"yoast_head":"<!-- This site is optimized with the Yoast SEO plugin v17.3 - https:\/\/yoast.com\/wordpress\/plugins\/seo\/ -->\n<title>Vacances en Nouvelle Aquitaine<\/title>\n<meta name=\"description\" content=\"D\u00e9couvrez la nouvelle aquitaine \u00e0 travers notre blog. Suivez nous du bassin d&#039;Arcachon, Bordeaux, Pays Basque jusqu&#039;en Corr\u00e8ze.\" \/>\n<meta name=\"robots\" content=\"index, follow, max-snippet:-1, max-image-preview:large, max-video-preview:-1\" \/>\n<link rel=\"canonical\" href=\"https:\/\/www.folk-travel.com\/en\/aquitaine\/\" \/>\n<meta property=\"og:locale\" content=\"en_US\" \/>\n<meta property=\"og:type\" content=\"article\" \/>\n<meta property=\"og:title\" content=\"Vacances en Nouvelle Aquitaine\" \/>\n<meta property=\"og:description\" content=\"D\u00e9couvrez la nouvelle aquitaine \u00e0 travers notre blog. Suivez nous du bassin d&#039;Arcachon, Bordeaux, Pays Basque jusqu&#039;en Corr\u00e8ze.\" \/>\n<meta property=\"og:url\" content=\"https:\/\/www.folk-travel.com\/en\/aquitaine\/\" \/>\n<meta property=\"og:site_name\" content=\"FOLK-TRAVEL : Blog du voyage populaire\" \/>\n<meta property=\"article:modified_time\" content=\"2022-12-20T12:33:46+00:00\" \/>\n<meta property=\"og:image\" content=\"https:\/\/www.folk-travel.com\/wp-content\/uploads\/2021\/10\/rue-Collonges-la-Rouge-768x1024.jpg\" \/>\n<meta name=\"twitter:card\" content=\"summary_large_image\" \/>\n<meta name=\"twitter:label1\" content=\"Est. reading time\" \/>\n\t<meta name=\"twitter:data1\" content=\"2 minutes\" \/>\n<!-- \/ Yoast SEO plugin. -->","yoast_head_json":{"title":"Vacances en Nouvelle Aquitaine","description":"D\u00e9couvrez la nouvelle aquitaine \u00e0 travers notre blog. Suivez nous du bassin d'Arcachon, Bordeaux, Pays Basque jusqu'en Corr\u00e8ze.","robots":{"index":"index","follow":"follow","max-snippet":"max-snippet:-1","max-image-preview":"max-image-preview:large","max-video-preview":"max-video-preview:-1"},"canonical":"https:\/\/www.folk-travel.com\/en\/aquitaine\/","og_locale":"en_US","og_type":"article","og_title":"Vacances en Nouvelle Aquitaine","og_description":"D\u00e9couvrez la nouvelle aquitaine \u00e0 travers notre blog. Suivez nous du bassin d'Arcachon, Bordeaux, Pays Basque jusqu'en Corr\u00e8ze.","og_url":"https:\/\/www.folk-travel.com\/en\/aquitaine\/","og_site_name":"FOLK-TRAVEL : Blog du voyage populaire","article_modified_time":"2022-12-20T12:33:46+00:00","og_image":[{"url":"https:\/\/www.folk-travel.com\/wp-content\/uploads\/2021\/10\/rue-Collonges-la-Rouge-768x1024.jpg"}],"twitter_card":"summary_large_image","twitter_misc":{"Est. reading time":"2 minutes"},"schema":{"@context":"https:\/\/schema.org","@graph":[{"@type":["Person","Organization"],"@id":"https:\/\/www.folk-travel.com\/#\/schema\/person\/ee3201678fc1acb9e44c537d3af4d403","name":"Folk Travel","image":{"@type":"ImageObject","@id":"https:\/\/www.folk-travel.com\/#personlogo","inLanguage":"en-US","url":"https:\/\/www.folk-travel.com\/wp-content\/uploads\/2020\/07\/Xavier-Florence-couple-photographes-scaled-e1636901092934.jpg","contentUrl":"https:\/\/www.folk-travel.com\/wp-content\/uploads\/2020\/07\/Xavier-Florence-couple-photographes-scaled-e1636901092934.jpg","caption":"Folk Travel"},"logo":{"@id":"https:\/\/www.folk-travel.com\/#personlogo"}},{"@type":"WebSite","@id":"https:\/\/www.folk-travel.com\/#website","url":"https:\/\/www.folk-travel.com\/","name":"FOLK-TRAVEL : Blog du voyage populaire","description":"Voyageons autour du monde","publisher":{"@id":"https:\/\/www.folk-travel.com\/#\/schema\/person\/ee3201678fc1acb9e44c537d3af4d403"},"potentialAction":[{"@type":"SearchAction","target":{"@type":"EntryPoint","urlTemplate":"https:\/\/www.folk-travel.com\/?s={search_term_string}"},"query-input":"required name=search_term_string"}],"inLanguage":"en-US"},{"@type":"ImageObject","@id":"https:\/\/www.folk-travel.com\/aquitaine#primaryimage","inLanguage":"en-US","url":"https:\/\/www.folk-travel.com\/wp-content\/uploads\/2021\/10\/rue-Collonges-la-Rouge-768x1024.jpg","contentUrl":"https:\/\/www.folk-travel.com\/wp-content\/uploads\/2021\/10\/rue-Collonges-la-Rouge-768x1024.jpg"},{"@type":"WebPage","@id":"https:\/\/www.folk-travel.com\/aquitaine#webpage","url":"https:\/\/www.folk-travel.com\/aquitaine","name":"Vacances en Nouvelle Aquitaine","isPartOf":{"@id":"https:\/\/www.folk-travel.com\/#website"},"primaryImageOfPage":{"@id":"https:\/\/www.folk-travel.com\/aquitaine#primaryimage"},"datePublished":"2022-01-09T15:48:47+00:00","dateModified":"2022-12-20T12:33:46+00:00","description":"D\u00e9couvrez la nouvelle aquitaine \u00e0 travers notre blog. Suivez nous du bassin d'Arcachon, Bordeaux, Pays Basque jusqu'en Corr\u00e8ze.","breadcrumb":{"@id":"https:\/\/www.folk-travel.com\/aquitaine#breadcrumb"},"inLanguage":"en-US","potentialAction":[{"@type":"ReadAction","target":["https:\/\/www.folk-travel.com\/aquitaine"]}]},{"@type":"BreadcrumbList","@id":"https:\/\/www.folk-travel.com\/aquitaine#breadcrumb","itemListElement":[{"@type":"ListItem","position":1,"name":"Accueil","item":"https:\/\/www.folk-travel.com\/"},{"@type":"ListItem","position":2,"name":"Nouvelle-Aquitaine"}]}]}},"amp_enabled":true,"_links":{"self":[{"href":"https:\/\/www.folk-travel.com\/en\/wp-json\/wp\/v2\/pages\/6126"}],"collection":[{"href":"https:\/\/www.folk-travel.com\/en\/wp-json\/wp\/v2\/pages"}],"about":[{"href":"https:\/\/www.folk-travel.com\/en\/wp-json\/wp\/v2\/types\/page"}],"author":[{"embeddable":true,"href":"https:\/\/www.folk-travel.com\/en\/wp-json\/wp\/v2\/users\/1"}],"replies":[{"embeddable":true,"href":"https:\/\/www.folk-travel.com\/en\/wp-json\/wp\/v2\/comments?post=6126"}],"version-history":[{"count":55,"href":"https:\/\/www.folk-travel.com\/en\/wp-json\/wp\/v2\/pages\/6126\/revisions"}],"predecessor-version":[{"id":6690,"href":"https:\/\/www.folk-travel.com\/en\/wp-json\/wp\/v2\/pages\/6126\/revisions\/6690"}],"wp:attachment":[{"href":"https:\/\/www.folk-travel.com\/en\/wp-json\/wp\/v2\/media?parent=6126"}],"curies":[{"name":"wp","href":"https:\/\/api.w.org\/{rel}","templated":true}]}}